{"id":82,"date":"2019-09-10T14:37:12","date_gmt":"2019-09-10T14:37:12","guid":{"rendered":"http:\/\/integratedrehab.bluedotproduction.ca\/?page_id=82"},"modified":"2019-10-17T15:17:58","modified_gmt":"2019-10-17T15:17:58","slug":"about-us","status":"publish","type":"page","link":"https:\/\/integratedrehab.org\/fr\/about-us\/","title":{"rendered":"\u00c0 PROPOS DE NOUS"},"content":{"rendered":"<div      class=\"vc_row wpb_row section vc_row-fluid\" style='background-image:url(https:\/\/integratedrehab.org\/wp-content\/uploads\/2019\/09\/flare.jpg); text-align:left;'><div class=\"full_section_inner clearfix\"><div class=\"wpb_column vc_column_container vc_col-sm-12\"><div class=\"vc_column-inner\"><div class=\"wpb_wrapper\"><div      class=\"vc_row wpb_row section vc_row-fluid vc_inner  vc_custom_1569271502479 grid_section\" style=' text-align:left;'><div class=\"section_inner clearfix\"><div class='section_inner_margin clearfix'><div class=\"wpb_column vc_column_container vc_col-sm-12\"><div class=\"vc_column-inner\"><div class=\"wpb_wrapper\">\n\t<div class=\"wpb_text_column wpb_content_element\">\n\t\t<div class=\"wpb_wrapper\">\n\t\t\t<h1 style=\"text-align: center;\">\u00c0 PROPOS DE NOUS<\/h1>\n\n\t\t<\/div> \n\t<\/div> <\/div><\/div><\/div><\/div><\/div><\/div><\/div><\/div><\/div><\/div><\/div><div      class=\"vc_row wpb_row section vc_row-fluid  vc_custom_1569432268011\" style=' text-align:left;'><div class=\"full_section_inner clearfix\"><div class=\"wpb_column vc_column_container vc_col-sm-12\"><div class=\"vc_column-inner vc_custom_1569432247325\"><div class=\"wpb_wrapper\"><div class='q_elements_holder two_columns responsive_mode_from_768' ><div class='q_elements_item snow' data-animation='no' data-item-class='q_elements_holder_custom_835508'><div class='q_elements_item_inner'><div class='q_elements_item_content q_elements_holder_custom_835508'>\n\t<div class=\"wpb_single_image wpb_content_element vc_align_left\">\n\t\t<div class=\"wpb_wrapper\">\n\t\t\t\n\t\t\t<div class=\"vc_single_image-wrapper   vc_box_border_grey\"><img loading=\"lazy\" decoding=\"async\" width=\"550\" height=\"500\" src=\"https:\/\/integratedrehab.org\/wp-content\/uploads\/2019\/09\/lady-snow-1.jpg\" class=\"vc_single_image-img attachment-full\" alt=\"\" srcset=\"https:\/\/integratedrehab.org\/wp-content\/uploads\/2019\/09\/lady-snow-1.jpg 550w, https:\/\/integratedrehab.org\/wp-content\/uploads\/2019\/09\/lady-snow-1-300x273.jpg 300w\" sizes=\"auto, (max-width: 550px) 100vw, 550px\" \/><\/div>\n\t\t<\/div>\n\t<\/div>\n<\/div><\/div><\/div><div class='q_elements_item about' data-animation='no' data-item-class='q_elements_holder_custom_683433'><div class='q_elements_item_inner'><div class='q_elements_item_content q_elements_holder_custom_683433' style='padding:4% 8% 4% 8%'>\n\t<div class=\"wpb_text_column wpb_content_element\">\n\t\t<div class=\"wpb_wrapper\">\n\t\t\t<h3>\u00c0 PROPOS DE NOUS<\/h3>\n<h2>Services de r\u00e9adaptation \u00e0 domicile :<\/h2>\n<p>Nous sommes le plus grand fournisseur de services de r\u00e9adaptation \u00e0 domicile appartenant \u00e0\ndes th\u00e9rapeutes dans la r\u00e9gion de Durham. Angela Dye, une th\u00e9rapeute exp\u00e9riment\u00e9e, est la\npropri\u00e9taire d'IRP, qui existe depuis 1997, soit depuis 26 ans. IRP compte des\nphysioth\u00e9rapeutes, des ergoth\u00e9rapeutes, des travailleurs sociaux, des di\u00e9t\u00e9ticiens et des\nassistants de r\u00e9adaptation qui assurent l'\u00e9valuation et le traitement \u00e0 domicile des patients dans\nla communaut\u00e9. Nous sommes situ\u00e9s \u00e0 Pickering et fournissons des services de r\u00e9adaptation\naux clients de la r\u00e9gion de Durham, de Scarborough, de Lindsay, d'Halliburton et de Port Hope.<\/p>\n\n\t\t<\/div> \n\t<\/div> <\/div><\/div><\/div><\/div><\/div><\/div><\/div><\/div><\/div><div   data-q_id=\"#oac\"    class=\"vc_row wpb_row section vc_row-fluid\" style='background-color:#1e2225; text-align:left;'><div class=\"full_section_inner clearfix\"><div class=\"wpb_column vc_column_container vc_col-sm-12\"><div class=\"vc_column-inner\"><div class=\"wpb_wrapper\"><div      class=\"vc_row wpb_row section vc_row-fluid vc_inner  vc_custom_1569432285770 grid_section\" style=' text-align:left;'><div class=\"section_inner clearfix\"><div class='section_inner_margin clearfix'><div class=\"admission wpb_column vc_column_container vc_col-sm-4\"><div class=\"vc_column-inner\"><div class=\"wpb_wrapper\">\n\t<div class=\"wpb_text_column wpb_content_element\">\n\t\t<div class=\"wpb_wrapper\">\n\t\t\t<h2><strong>NOS CRIT\u00c8RES D'ADMISSION<\/strong><strong>\u00a0<\/strong><\/h2>\n\n\t\t<\/div> \n\t<\/div> <\/div><\/div><\/div><div class=\"wpb_column vc_column_container vc_col-sm-8\"><div class=\"vc_column-inner\"><div class=\"wpb_wrapper\">\n\t<div class=\"wpb_text_column wpb_content_element\">\n\t\t<div class=\"wpb_wrapper\">\n\t\t\t<h3><strong>QUI VOYONS-NOUS ? <\/strong><\/h3>\n<p>Les th\u00e9rapeutes de l'IRP s'occupent de tous les patients adultes dans l'environnement\ncommunautaire, \u00e0 leur domicile ou dans les communaut\u00e9s de retraite, dont les besoins ne\npeuvent \u00eatre satisfaits en ambulatoire. \u00c0 l'heure actuelle, les patients doivent \u00eatre orient\u00e9s par\nles services d'aide \u00e0 domicile et \u00e0 la communaut\u00e9 (HCCSS)\/LHIN ou par une \u00e9quipe de sant\u00e9\nde l'Ontario. Le patient doit \u00eatre en possession d'une carte sant\u00e9 de l'Ontario.<\/p>\n\n\t\t<\/div> \n\t<\/div> <\/div><\/div><\/div><\/div><\/div><\/div><\/div><\/div><\/div><\/div><\/div><div      class=\"vc_row wpb_row section vc_row-fluid  typical\" style=' text-align:left;'><div class=\"full_section_inner clearfix\"><div class=\"wpb_column vc_column_container vc_col-sm-12\"><div class=\"vc_column-inner\"><div class=\"wpb_wrapper\"><div class='q_elements_holder two_columns responsive_mode_from_768' ><div class='q_elements_item' data-animation='no' data-item-class='q_elements_holder_custom_204721' style='background-image: url(https:\/\/integratedrehab.org\/wp-content\/uploads\/2019\/09\/lady-preparing-lunch.jpg);background-position: center;background-size: cover;'><div class='q_elements_item_inner'><div class='q_elements_item_content q_elements_holder_custom_204721'><\/div><\/div><\/div><div class='q_elements_item' data-animation='no' data-item-class='q_elements_holder_custom_978627' style='background-color:#ffffff;'><div class='q_elements_item_inner'><div class='q_elements_item_content q_elements_holder_custom_978627' style='padding:10% 6% 10% 6%'>\n\t<div class=\"wpb_text_column wpb_content_element  black\">\n\t\t<div class=\"wpb_wrapper\">\n\t\t\t<h2 style=\"color: #040404b3; padding-bottom: 2%;\">NOS PATIENTS TYPIQUES<\/h2>\n<ul>\n<li>Les patients \u00e2g\u00e9s qui peuvent avoir besoin d'aide pour <strong>vivre en toute s\u00e9curit\u00e9 \u00e0 domicile.<\/strong>.<\/li>\n<li>Les personnes qui ont besoin d'une aide \u00e0 la <strong>mobilit\u00e9, au renforcement, \u00e0 l'\u00e9quilibre et \u00e0 la marche.<\/strong>.<\/li>\n<li>Les personnes qui peuvent avoir besoin de conseils et d'un traitement pour <strong>\u00e9viter les chutes.<\/strong><\/li>\n<li>Les patients qui ont <strong>subi une chirurgie<\/strong> ou <strong>orthop\u00e9dique  m\u00e9dicale<\/strong>: une chirurgie totale de la hanche, du genou ou de l'\u00e9paule, ou qui sont affaiblis en raison d'un long s\u00e9jour \u00e0 l'h\u00f4pital.<\/li>\n<li>Personnes susceptibles d'avoir besoin d'une <strong>aide pour  l'obtention<\/strong> d'un d\u00e9ambulateur, d'un rollator, d'un fauteuil roulant, d'un fauteuil roulant \u00e9lectrique ou d'un scooter dans le cadre du programme d'appareils d'assistance. Une assistance peut \u00eatre n\u00e9cessaire pour les demandes de financement.<\/li>\n<li>Les patients qui peuvent avoir besoin <strong>d'aide\/de conseils pour rester chez eux<\/strong>pour les\nactivit\u00e9s de la vie quotidienne, pour l'am\u00e9nagement de leur domicile, pour les courses,\npour les op\u00e9rations bancaires et pour le transport.<\/li>\n<li>Les personnes qui peuvent avoir besoin d'une assistance en mati\u00e8re de <strong>r\u00e9gime\nalimentaire ou de nutrition.<\/strong>.<\/li>\n<li>Les personnes qui ont besoin de conseils, d'\u00e9coute et de soutien communautaire de la\npart de l <strong>assistante sociale<\/strong><\/li>\n<li>Les patients souffrant de <strong>d\u00e9ficits neurologiques<\/strong> suite \u00e0 un accident vasculaire c\u00e9r\u00e9bral,\nune l\u00e9sion c\u00e9r\u00e9brale acquise, la SLA (maladie de Lou Gehrigs), la scl\u00e9rose en plaques,\nla maladie d'Alzheimer, la d\u00e9mence et la maladie de Parkinson.<\/li>\n<li>Tout <strong>ancien combattant<\/strong> susceptible d'avoir besoin de services de th\u00e9rapie \u00e0 domicile.<\/li>\n<li>Toute personne victime d'un <strong>accident de la route <\/strong>ou d'un<strong> accident du travail<\/strong> ou ayant subi une <strong>l\u00e9sion de la moelle \u00e9pini\u00e8re, quel qu'en soit le niveau.<\/strong><\/li>\n<\/ul>\n\n\t\t<\/div> \n\t<\/div> <\/div><\/div><\/div><\/div><\/div><\/div><\/div><\/div><\/div><div      class=\"vc_row wpb_row section vc_row-fluid\" style='background-image:url(https:\/\/integratedrehab.org\/wp-content\/uploads\/2019\/09\/about-us-ellipse.png); text-align:left;'><div class=\"full_section_inner clearfix\"><div class=\"wpb_column vc_column_container vc_col-sm-12\"><div class=\"vc_column-inner\"><div class=\"wpb_wrapper\"><div class='q_elements_holder two_columns responsive_mode_from_768' ><div class='q_elements_item' data-animation='no' data-item-class='q_elements_holder_custom_468514' style='background-color:#ffffff;'><div class='q_elements_item_inner'><div class='q_elements_item_content q_elements_holder_custom_468514' style='padding:12% 8% 12% 8%'>\n\t<div class=\"wpb_text_column wpb_content_element  black\">\n\t\t<div class=\"wpb_wrapper\">\n\t\t\t<h2 style=\"font-weight: bold; color: #040404b3;\"><strong>NOS PROGR\u00c8S :<\/strong><\/h2>\n\n\t\t<\/div> \n\t<\/div> <div class=\"separator  small left\" style=\"background-color: #4354d6;height: 6px;width: 144px;\"><\/div>\n\n\t<div class=\"wpb_text_column wpb_content_element  black\">\n\t\t<div class=\"wpb_wrapper\">\n\t\t\t<p>Sur le site se trouve une clinique de physioth\u00e9rapie ambulatoire financ\u00e9e par l'assurance maladie de l'Ontario, qui propose des services de physioth\u00e9rapie, de massoth\u00e9rapie et de kin\u00e9siologie.<\/p>\n<p>La directrice est Angela Dye, physioth\u00e9rapeute agr\u00e9\u00e9e, qui a \u00e9t\u00e9 membre du personnel du programme de soins \u00e0 domicile de la r\u00e9gion de Durham, aujourd'hui connu sous le nom de CE LHIN et actuellement connu sous le nom de HCCSS. Integrated Rehab Professionals est pass\u00e9 de deux th\u00e9rapeutes \u00e0 quarante-cinq th\u00e9rapeutes au cours des 26 derni\u00e8res ann\u00e9es.  Nos fournisseurs de services ont de l'exp\u00e9rience dans les \u00e9valuations et les traitements \u00e0 domicile.  Notre \u00e9quipe de professionnels hautement qualifi\u00e9s se concentre sur la qualit\u00e9 des soins en veillant \u00e0 r\u00e9pondre aux besoins des patients et de leur famille, en utilisant les meilleures pratiques et en promouvant l'ind\u00e9pendance gr\u00e2ce \u00e0 des services centr\u00e9s sur le patient et orient\u00e9s vers les objectifs.  Integrated Rehab Professionals fournit des services int\u00e9gr\u00e9s par des th\u00e9rapeutes professionnels et exp\u00e9riment\u00e9s.<\/p>\n\n\t\t<\/div> \n\t<\/div> <\/div><\/div><\/div><div class='q_elements_item' data-animation='no' data-item-class='q_elements_holder_custom_696237' style='background-image: url(https:\/\/integratedrehab.org\/wp-content\/uploads\/2019\/09\/our-progress-v2.jpg);background-position: center;background-size: cover;'><div class='q_elements_item_inner'><div class='q_elements_item_content q_elements_holder_custom_696237'><\/div><\/div><\/div><\/div><\/div><\/div><\/div><\/div><\/div><section      data-speed=\"1\" class=\"parallax_section_holder\" style = \" height:px; background-image:url('https:\/\/integratedrehab.org\/wp-content\/uploads\/2019\/09\/about-us-ellipse.png');\"><div class=\"parallax_content left\"><div class='parallax_section_inner_margin clearfix'><div class=\"wpb_column vc_column_container vc_col-sm-12\"><div class=\"vc_column-inner\"><div class=\"wpb_wrapper\"><div      class=\"vc_row wpb_row section vc_row-fluid vc_inner  vc_custom_1568663596001 grid_section\" style=' text-align:left;'><div class=\"section_inner clearfix\"><div class='section_inner_margin clearfix'><div class=\"wpb_column vc_column_container vc_col-sm-6\"><div class=\"vc_column-inner\"><div class=\"wpb_wrapper\">\n\t<div class=\"wpb_text_column wpb_content_element\">\n\t\t<div class=\"wpb_wrapper\">\n\t\t\t<h3 class=\"team\">Les professionnels de la r\u00e9adaptation int\u00e9gr\u00e9e ont\u00a0:<\/h3>\n\n\t\t<\/div> \n\t<\/div> \t<div class=\"vc_empty_space\"  style=\"height: 32px\" ><span\n\t\t\tclass=\"vc_empty_space_inner\">\n\t\t\t<span class=\"empty_space_image\"  ><\/span>\n\t\t<\/span><\/div>\n\n\n\t<div class=\"wpb_text_column wpb_content_element\">\n\t\t<div class=\"wpb_wrapper\">\n\t\t\t<ul>\n<li>35 th\u00e9rapeutes communautaires : physioth\u00e9rapeutes agr\u00e9\u00e9s, ergoth\u00e9rapeutes et travailleurs sociaux, di\u00e9t\u00e9tiste<\/li>\n<li>16 fournisseurs de services ont plus de 15 ans d'exp\u00e9rience dans le domaine de la r\u00e9adaptation communautaire.<\/li>\n<li>16 th\u00e9rapeutes, ergoth\u00e9rapeutes et physioth\u00e9rapeutes autoris\u00e9s pour les appareils assist\u00e9s (autorisateurs ADP).<\/li>\n<\/ul>\n\n\t\t<\/div> \n\t<\/div> <\/div><\/div><\/div><div class=\"wpb_column vc_column_container vc_col-sm-6\"><div class=\"vc_column-inner\"><div class=\"wpb_wrapper\">\n\t<div class=\"wpb_text_column wpb_content_element\">\n\t\t<div class=\"wpb_wrapper\">\n\t\t\t<h3 class=\"team\">Les \u00e9quipes de th\u00e9rapeutes d\u2019Integrated Rehab Professionals se concentrent sur\u00a0:<\/h3>\n\n\t\t<\/div> \n\t<\/div> \t<div class=\"vc_empty_space\"  style=\"height: 32px\" ><span\n\t\t\tclass=\"vc_empty_space_inner\">\n\t\t\t<span class=\"empty_space_image\"  ><\/span>\n\t\t<\/span><\/div>\n\n\n\t<div class=\"wpb_text_column wpb_content_element\">\n\t\t<div class=\"wpb_wrapper\">\n\t\t\t<ul>\n<li>Pr\u00e9vention et gestion des maladies chroniques<\/li>\n<li>S\u00e9curit\u00e9 du patient<\/li>\n<li>Des soins th\u00e9rapeutiques de qualit\u00e9 pour les seniors<\/li>\n<li>Sant\u00e9 mentale et toxicomanie<\/li>\n<\/ul>\n\n\t\t<\/div> \n\t<\/div> <\/div><\/div><\/div><\/div><\/div><\/div><div      class=\"vc_row wpb_row section vc_row-fluid vc_inner  vc_custom_1568663686175 grid_section\" style=' text-align:left;'><div class=\"section_inner clearfix\"><div class='section_inner_margin clearfix'><div class=\"wpb_column vc_column_container vc_col-sm-4\"><div class=\"vc_column-inner\"><div class=\"wpb_wrapper\">\n\t<div class=\"wpb_text_column wpb_content_element\">\n\t\t<div class=\"wpb_wrapper\">\n\t\t\t<h2>La mission de l'IRP<\/h2>\n\n\t\t<\/div> \n\t<\/div> <\/div><\/div><\/div><div class=\"wpb_column vc_column_container vc_col-sm-8\"><div class=\"vc_column-inner\"><div class=\"wpb_wrapper\">\n\t<div class=\"wpb_text_column wpb_content_element\">\n\t\t<div class=\"wpb_wrapper\">\n\t\t\t<p style=\"padding: 0;\">Nous sommes une agence de th\u00e9rapie progressive, dynamique et communautaire qui s'engage\n\u00e0 fournir \u00e0 ses patients des services de sant\u00e9 accessibles et ax\u00e9s sur le client en mati\u00e8re de\nphysioth\u00e9rapie, d'ergoth\u00e9rapie, de travail social et de di\u00e9t\u00e9tique. Nous nous engageons \u00e0\ntravailler en \u00e9troite collaboration avec nos patients, leurs familles et les soignants afin d'\u00e9laborer\nun programme de r\u00e9adaptation qui promeut la sant\u00e9 et donne aux patients les moyens de se\nr\u00e9tablir rapidement et de mani\u00e8re optimale afin de retrouver une fonction et un mode de vie\nmaximaux.<\/p>\n\n\t\t<\/div> \n\t<\/div> <\/div><\/div><\/div><\/div><\/div><\/div><\/div><\/div><\/div><\/div><\/div><\/section><section      data-speed=\"1\" class=\"parallax_section_holder  bg\" style = \" height:px; background-image:url('https:\/\/integratedrehab.org\/wp-content\/uploads\/2019\/09\/about-us-ellipse.png');\"><div class=\"parallax_content left\"><div class='parallax_section_inner_margin clearfix'><div class=\"mission wpb_column vc_column_container vc_col-sm-12\"><div class=\"vc_column-inner\"><div class=\"wpb_wrapper\"><\/div><\/div><\/div><\/div><\/div><\/section>","protected":false},"excerpt":{"rendered":"About Us About Us In-Home Rehabilitation Services We are the largest \u201ctherapist owned\u201d provider of home care rehabilitation in Durham Region. Angela Dye, an experienced therapist, is the owner of IRP which has been in operation since 1997 \u2013 22 years. IRP has Physiotherapists, Occupational...","protected":false},"author":1,"featured_media":0,"parent":0,"menu_order":0,"comment_status":"closed","ping_status":"closed","template":"full_width.php","meta":{"footnotes":""},"class_list":["post-82","page","type-page","status-publish","hentry"],"_links":{"self":[{"href":"https:\/\/integratedrehab.org\/fr\/wp-json\/wp\/v2\/pages\/82","targetHints":{"allow":["GET"]}}],"collection":[{"href":"https:\/\/integratedrehab.org\/fr\/wp-json\/wp\/v2\/pages"}],"about":[{"href":"https:\/\/integratedrehab.org\/fr\/wp-json\/wp\/v2\/types\/page"}],"author":[{"embeddable":true,"href":"https:\/\/integratedrehab.org\/fr\/wp-json\/wp\/v2\/users\/1"}],"replies":[{"embeddable":true,"href":"https:\/\/integratedrehab.org\/fr\/wp-json\/wp\/v2\/comments?post=82"}],"version-history":[{"count":116,"href":"https:\/\/integratedrehab.org\/fr\/wp-json\/wp\/v2\/pages\/82\/revisions"}],"predecessor-version":[{"id":798,"href":"https:\/\/integratedrehab.org\/fr\/wp-json\/wp\/v2\/pages\/82\/revisions\/798"}],"wp:attachment":[{"href":"https:\/\/integratedrehab.org\/fr\/wp-json\/wp\/v2\/media?parent=82"}],"curies":[{"name":"wp","href":"https:\/\/api.w.org\/{rel}","templated":true}]}}